{"id":1229,"date":"2024-01-10T11:00:16","date_gmt":"2024-01-10T08:00:16","guid":{"rendered":"https:\/\/barakatticaret.com\/about-the-soap\/%d9%84%d9%85%d8%ad%d8%a9-%d8%b9%d9%86-%d8%a7%d9%84%d8%b5%d8%a7%d8%a8%d9%88%d9%86-%d8%a7%d9%84%d8%ba%d8%a7%d8%b1-%d8%a7%d9%84%d8%ad%d9%84%d8%a8%d9%8a-7\/"},"modified":"2024-02-23T10:29:15","modified_gmt":"2024-02-23T07:29:15","slug":"%d9%84%d9%85%d8%ad%d8%a9-%d8%b9%d9%86-%d8%a7%d9%84%d8%b5%d8%a7%d8%a8%d9%88%d9%86-%d8%a7%d9%84%d8%ba%d8%a7%d8%b1-%d8%a7%d9%84%d8%ad%d9%84%d8%a8%d9%8a-7","status":"publish","type":"about-the-soap","link":"https:\/\/barakatticaret.com\/tr\/about-the-soap\/%d9%84%d9%85%d8%ad%d8%a9-%d8%b9%d9%86-%d8%a7%d9%84%d8%b5%d8%a7%d8%a8%d9%88%d9%86-%d8%a7%d9%84%d8%ba%d8%a7%d8%b1-%d8%a7%d9%84%d8%ad%d9%84%d8%a8%d9%8a-7\/","title":{"rendered":"Defne Sabunu Hakk\u0131nda"},"content":{"rendered":"<p>Kar\u0131\u015f\u0131m\u0131n d\u00f6k\u00fclmesinden bir g\u00fcn sonra, kesme i\u015flemi ger\u00e7ekle\u015fir. Bu i\u015flem, sabun par\u00e7alar\u0131n\u0131n d\u00fczg\u00fcn ve ayn\u0131 boyutta \u015fekillendirilmesini sa\u011flar. Bu i\u015flem, hala geleneksel bir el sanat\u0131 ve end\u00fcstriyi korumak i\u00e7in kullan\u0131lan basit bir alet olan ve Arap\u00e7a dilinde &#8220;Coze&#8221; olarak adland\u0131r\u0131lan el kesme aletiyle yap\u0131l\u0131r.<\/p>\n","protected":false},"template":"","class_list":["post-1229","about-the-soap","type-about-the-soap","status-publish","hentry"],"acf":[],"_links":{"self":[{"href":"https:\/\/barakatticaret.com\/tr\/wp-json\/wp\/v2\/about-the-soap\/1229","targetHints":{"allow":["GET"]}}],"collection":[{"href":"https:\/\/barakatticaret.com\/tr\/wp-json\/wp\/v2\/about-the-soap"}],"about":[{"href":"https:\/\/barakatticaret.com\/tr\/wp-json\/wp\/v2\/types\/about-the-soap"}],"wp:attachment":[{"href":"https:\/\/barakatticaret.com\/tr\/wp-json\/wp\/v2\/media?parent=1229"}],"curies":[{"name":"wp","href":"https:\/\/api.w.org\/{rel}","templated":true}]}}